{"id":7321,"date":"2026-03-17T16:25:15","date_gmt":"2026-03-17T16:25:15","guid":{"rendered":"https:\/\/hotelcoma.audiologygrowth.com\/ordino\/"},"modified":"2026-04-17T00:52:41","modified_gmt":"2026-04-17T00:52:41","slug":"ordino","status":"publish","type":"page","link":"https:\/\/hotelcoma.audiologygrowth.com\/fr\/ordino\/","title":{"rendered":"Ordino"},"content":{"rendered":"\t\t<div data-elementor-type=\"wp-page\" data-elementor-id=\"7321\" class=\"elementor elementor-7321 elementor-5796\" data-elementor-post-type=\"page\">\n\t\t\t\t<div class=\"elementor-element elementor-element-ce562e4 e-con-full e-flex e-con e-parent\" data-id=\"ce562e4\" data-element_type=\"container\" data-e-type=\"container\" data-settings=\"{&quot;background_background&quot;:&quot;classic&quot;}\">\n\t\t<div class=\"elementor-element elementor-element-3439144 e-con-full hero-bg e-flex e-con e-child\" data-id=\"3439144\" data-element_type=\"container\" data-e-type=\"container\">\n\t\t\t\t<div class=\"elementor-element elementor-element-66c771f elementor-invisible elementor-widget elementor-widget-heading\" data-id=\"66c771f\" data-element_type=\"widget\" data-e-type=\"widget\" data-settings=\"{&quot;_animation&quot;:&quot;fadeInUp&quot;}\" data-widget_type=\"heading.default\">\n\t\t\t\t\t<h1 class=\"elementor-heading-title elementor-size-default\">Bienvenue \u00e0 Ordino<\/h1>\t\t\t\t<\/div>\n\t\t\t\t<div class=\"elementor-element elementor-element-dcd2850 elementor-widget__width-initial elementor-widget elementor-widget-text-editor\" data-id=\"dcd2850\" data-element_type=\"widget\" data-e-type=\"widget\" data-widget_type=\"text-editor.default\">\n\t\t\t\t\t\t\t\t\tLe village qui a conquis la famille Coma en 1932 et qui vous attend aujourd&rsquo;hui avec la m\u00eame authenticit\u00e9. Nature, culture et montagnes pr\u00e9serv\u00e9es au c\u0153ur d&rsquo;Andorre. \n\n\t\t\t\t\t\t\t\t<\/div>\n\t\t\t\t<\/div>\n\t\t\t\t<\/div>\n\t\t<div class=\"elementor-element elementor-element-1ef66cd e-con-full e-flex e-con e-parent\" data-id=\"1ef66cd\" data-element_type=\"container\" data-e-type=\"container\">\n\t\t<div class=\"elementor-element elementor-element-5ba48d6 e-con-full e-flex e-con e-child\" data-id=\"5ba48d6\" data-element_type=\"container\" data-e-type=\"container\">\n\t\t\t\t<div class=\"elementor-element elementor-element-bf516de elementor-widget elementor-widget-text-editor\" data-id=\"bf516de\" data-element_type=\"widget\" data-e-type=\"widget\" data-widget_type=\"text-editor.default\">\n\t\t\t\t\t\t\t\t\t<p>L&rsquo;EMPLACEMENT ID\u00c9AL<\/p>\t\t\t\t\t\t\t\t<\/div>\n\t\t\t\t<div class=\"elementor-element elementor-element-f6b2ada elementor-invisible elementor-widget elementor-widget-heading\" data-id=\"f6b2ada\" data-element_type=\"widget\" data-e-type=\"widget\" data-settings=\"{&quot;_animation&quot;:&quot;fadeInUp&quot;}\" data-widget_type=\"heading.default\">\n\t\t\t\t\t<h1 class=\"elementor-heading-title elementor-size-default\">\u00c0 mi-chemin entre<br>la neige et le <i><span style=\"color:#765c47\">shopping<\/span><\/i><\/h1>\t\t\t\t<\/div>\n\t\t\t\t<\/div>\n\t\t<div class=\"elementor-element elementor-element-d4b2c92 e-con-full e-grid e-con e-child\" data-id=\"d4b2c92\" data-element_type=\"container\" data-e-type=\"container\">\n\t\t<div class=\"elementor-element elementor-element-38a3966 e-con-full e-flex e-con e-child\" data-id=\"38a3966\" data-element_type=\"container\" data-e-type=\"container\">\n\t\t\t\t<div class=\"elementor-element elementor-element-c7d28f4 elementor-widget elementor-widget-counter\" data-id=\"c7d28f4\" data-element_type=\"widget\" data-e-type=\"widget\" data-widget_type=\"counter.default\">\n\t\t\t\t\t\t\t<div class=\"elementor-counter\">\n\t\t\t<div class=\"elementor-counter-title\">ALTITUDE<\/div>\t\t\t<div class=\"elementor-counter-number-wrapper\">\n\t\t\t\t<span class=\"elementor-counter-number-prefix\"><\/span>\n\t\t\t\t<span class=\"elementor-counter-number\" data-duration=\"2000\" data-to-value=\"1300\" data-from-value=\"0\" data-delimiter=\",\">0<\/span>\n\t\t\t\t<span class=\"elementor-counter-number-suffix\">m<\/span>\n\t\t\t<\/div>\n\t\t<\/div>\n\t\t\t\t\t\t<\/div>\n\t\t\t\t<\/div>\n\t\t<div class=\"elementor-element elementor-element-d3ae8a9 e-con-full e-flex e-con e-child\" data-id=\"d3ae8a9\" data-element_type=\"container\" data-e-type=\"container\">\n\t\t\t\t<div class=\"elementor-element elementor-element-155ef21 elementor-widget elementor-widget-counter\" data-id=\"155ef21\" data-element_type=\"widget\" data-e-type=\"widget\" data-widget_type=\"counter.default\">\n\t\t\t\t\t\t\t<div class=\"elementor-counter\">\n\t\t\t<div class=\"elementor-counter-title\">SUR LES VOIES<\/div>\t\t\t<div class=\"elementor-counter-number-wrapper\">\n\t\t\t\t<span class=\"elementor-counter-number-prefix\"><\/span>\n\t\t\t\t<span class=\"elementor-counter-number\" data-duration=\"2000\" data-to-value=\"20\" data-from-value=\"0\" data-delimiter=\",\">0<\/span>\n\t\t\t\t<span class=\"elementor-counter-number-suffix\">'<\/span>\n\t\t\t<\/div>\n\t\t<\/div>\n\t\t\t\t\t\t<\/div>\n\t\t\t\t<\/div>\n\t\t<div class=\"elementor-element elementor-element-62daedb e-con-full e-flex e-con e-child\" data-id=\"62daedb\" data-element_type=\"container\" data-e-type=\"container\">\n\t\t\t\t<div class=\"elementor-element elementor-element-93d1bbf elementor-widget elementor-widget-counter\" data-id=\"93d1bbf\" data-element_type=\"widget\" data-e-type=\"widget\" data-widget_type=\"counter.default\">\n\t\t\t\t\t\t\t<div class=\"elementor-counter\">\n\t\t\t<div class=\"elementor-counter-title\">DU CENTRE D'ANDORRE<\/div>\t\t\t<div class=\"elementor-counter-number-wrapper\">\n\t\t\t\t<span class=\"elementor-counter-number-prefix\"><\/span>\n\t\t\t\t<span class=\"elementor-counter-number\" data-duration=\"2000\" data-to-value=\"20\" data-from-value=\"0\" data-delimiter=\",\">0<\/span>\n\t\t\t\t<span class=\"elementor-counter-number-suffix\">'<\/span>\n\t\t\t<\/div>\n\t\t<\/div>\n\t\t\t\t\t\t<\/div>\n\t\t\t\t<\/div>\n\t\t<div class=\"elementor-element elementor-element-4e92046 e-con-full e-flex e-con e-child\" data-id=\"4e92046\" data-element_type=\"container\" data-e-type=\"container\">\n\t\t\t\t<div class=\"elementor-element elementor-element-c814ce2 elementor-widget elementor-widget-text-editor\" data-id=\"c814ce2\" data-element_type=\"widget\" data-e-type=\"widget\" data-widget_type=\"text-editor.default\">\n\t\t\t\t\t\t\t\t\t<p>UNESCO<\/p>\t\t\t\t\t\t\t\t<\/div>\n\t\t\t\t<div class=\"elementor-element elementor-element-275c31a elementor-widget elementor-widget-text-editor\" data-id=\"275c31a\" data-element_type=\"widget\" data-e-type=\"widget\" data-widget_type=\"text-editor.default\">\n\t\t\t\t\t\t\t\t\t<p>R\u00c9SERVE DE BIOSPH\u00c8RE<\/p>\t\t\t\t\t\t\t\t<\/div>\n\t\t\t\t<\/div>\n\t\t\t\t<\/div>\n\t\t\t\t<\/div>\n\t\t<div class=\"elementor-element elementor-element-72766f9 e-con-full e-flex e-con e-parent\" data-id=\"72766f9\" data-element_type=\"container\" data-e-type=\"container\">\n\t\t<div class=\"elementor-element elementor-element-5041b4d e-con-full e-transform e-flex e-con e-child\" data-id=\"5041b4d\" data-element_type=\"container\" data-e-type=\"container\" data-settings=\"{&quot;background_background&quot;:&quot;classic&quot;,&quot;_transform_scale_effect_hover&quot;:{&quot;unit&quot;:&quot;px&quot;,&quot;size&quot;:1.02,&quot;sizes&quot;:[]},&quot;_transform_scale_effect_hover_tablet&quot;:{&quot;unit&quot;:&quot;px&quot;,&quot;size&quot;:&quot;&quot;,&quot;sizes&quot;:[]},&quot;_transform_scale_effect_hover_mobile&quot;:{&quot;unit&quot;:&quot;px&quot;,&quot;size&quot;:&quot;&quot;,&quot;sizes&quot;:[]}}\">\n\t\t\t\t<\/div>\n\t\t<div class=\"elementor-element elementor-element-d724482 e-con-full e-flex e-con e-child\" data-id=\"d724482\" data-element_type=\"container\" data-e-type=\"container\">\n\t\t\t\t<div class=\"elementor-element elementor-element-0228942 elementor-widget elementor-widget-text-editor\" data-id=\"0228942\" data-element_type=\"widget\" data-e-type=\"widget\" data-widget_type=\"text-editor.default\">\n\t\t\t\t\t\t\t\t\t<p>ACTIVIDADES DE INVIERNO<\/p>\t\t\t\t\t\t\t\t<\/div>\n\t\t\t\t<div class=\"elementor-element elementor-element-d152a33 elementor-invisible elementor-widget elementor-widget-heading\" data-id=\"d152a33\" data-element_type=\"widget\" data-e-type=\"widget\" data-settings=\"{&quot;_animation&quot;:&quot;fadeInUp&quot;}\" data-widget_type=\"heading.default\">\n\t\t\t\t\t<h1 class=\"elementor-heading-title elementor-size-default\">Ski \u00e0<br><i><span style=\"color:#765c47\">Ordino \u00b7 Arcal\u00eds<\/span><\/i> <\/h1>\t\t\t\t<\/div>\n\t\t\t\t<div class=\"elementor-element elementor-element-475e047 elementor-widget elementor-widget-text-editor\" data-id=\"475e047\" data-element_type=\"widget\" data-e-type=\"widget\" data-widget_type=\"text-editor.default\">\n\t\t\t\t\t\t\t\t\t<p>20 minutes de l&rsquo;h\u00f4tel<\/p>\t\t\t\t\t\t\t\t<\/div>\n\t\t\t\t<div class=\"elementor-element elementor-element-d65b994 elementor-widget__width-initial elementor-widget elementor-widget-text-editor\" data-id=\"d65b994\" data-element_type=\"widget\" data-e-type=\"widget\" data-widget_type=\"text-editor.default\">\n\t\t\t\t\t\t\t\t\t<p>Vallnord \u00b7 Arcal\u00eds est la station de ski la plus sauvage et authentique d&rsquo;Andorre. Orient\u00e9e au nord, elle b\u00e9n\u00e9ficie d&rsquo;un enneigement optimal tout au long de la saison. Avec plus de 25 km de pistes pour tous les niveaux, des remont\u00e9es m\u00e9caniques modernes et une ambiance paisible loin de la foule des grandes stations.  <\/p><p>L&rsquo;h\u00f4tel Coma propose des forfaits ski et h\u00e9bergement incluant l&rsquo;assurance ski, le forfait de ski et le petit-d\u00e9jeuner. Consultez nos offres saisonni\u00e8res. <\/p>\t\t\t\t\t\t\t\t<\/div>\n\t\t<div class=\"elementor-element elementor-element-fc05aaa e-con-full e-flex e-con e-child\" data-id=\"fc05aaa\" data-element_type=\"container\" data-e-type=\"container\">\n\t\t\t\t<div class=\"elementor-element elementor-element-88d52aa elementor-tablet-align-center elementor-mobile-align-center e-transform e-transform elementor-widget-mobile__width-inherit elementor-widget elementor-widget-button\" data-id=\"88d52aa\" data-element_type=\"widget\" data-e-type=\"widget\" data-settings=\"{&quot;_transform_translateX_effect_hover&quot;:{&quot;unit&quot;:&quot;px&quot;,&quot;size&quot;:4,&quot;sizes&quot;:[]},&quot;_transform_translateX_effect&quot;:{&quot;unit&quot;:&quot;px&quot;,&quot;size&quot;:&quot;&quot;,&quot;sizes&quot;:[]},&quot;_transform_translateX_effect_tablet&quot;:{&quot;unit&quot;:&quot;px&quot;,&quot;size&quot;:&quot;&quot;,&quot;sizes&quot;:[]},&quot;_transform_translateX_effect_mobile&quot;:{&quot;unit&quot;:&quot;px&quot;,&quot;size&quot;:&quot;&quot;,&quot;sizes&quot;:[]},&quot;_transform_translateY_effect&quot;:{&quot;unit&quot;:&quot;px&quot;,&quot;size&quot;:&quot;&quot;,&quot;sizes&quot;:[]},&quot;_transform_translateY_effect_tablet&quot;:{&quot;unit&quot;:&quot;px&quot;,&quot;size&quot;:&quot;&quot;,&quot;sizes&quot;:[]},&quot;_transform_translateY_effect_mobile&quot;:{&quot;unit&quot;:&quot;px&quot;,&quot;size&quot;:&quot;&quot;,&quot;sizes&quot;:[]},&quot;_transform_translateX_effect_hover_tablet&quot;:{&quot;unit&quot;:&quot;px&quot;,&quot;size&quot;:&quot;&quot;,&quot;sizes&quot;:[]},&quot;_transform_translateX_effect_hover_mobile&quot;:{&quot;unit&quot;:&quot;px&quot;,&quot;size&quot;:&quot;&quot;,&quot;sizes&quot;:[]},&quot;_transform_translateY_effect_hover&quot;:{&quot;unit&quot;:&quot;px&quot;,&quot;size&quot;:&quot;&quot;,&quot;sizes&quot;:[]},&quot;_transform_translateY_effect_hover_tablet&quot;:{&quot;unit&quot;:&quot;px&quot;,&quot;size&quot;:&quot;&quot;,&quot;sizes&quot;:[]},&quot;_transform_translateY_effect_hover_mobile&quot;:{&quot;unit&quot;:&quot;px&quot;,&quot;size&quot;:&quot;&quot;,&quot;sizes&quot;:[]}}\" data-widget_type=\"button.default\">\n\t\t\t\t\t\t\t\t\t\t<a class=\"elementor-button elementor-button-link elementor-size-sm\" href=\"https:\/\/www.ordinoarcalis.com\/\" target=\"_blank\">\n\t\t\t\t\t\t<span class=\"elementor-button-content-wrapper\">\n\t\t\t\t\t\t<span class=\"elementor-button-icon\">\n\t\t\t\t<svg xmlns=\"http:\/\/www.w3.org\/2000\/svg\" width=\"36\" height=\"7\" viewBox=\"0 0 36 7\" fill=\"none\"><path d=\"M0 3.39258H32.948\" stroke=\"#EFEBE5\" stroke-width=\"2\"><\/path><path d=\"M28.9688 6.78125L32.3617 3.39025L28.9688 0.000249863H31.8477L35.2387 3.39025L31.8477 6.78125H28.9688Z\" fill=\"#EFEBE5\"><\/path><\/svg>\t\t\t<\/span>\n\t\t\t\t\t\t\t\t\t<span class=\"elementor-button-text\">Arcal\u00eds<\/span>\n\t\t\t\t\t<\/span>\n\t\t\t\t\t<\/a>\n\t\t\t\t\t\t\t\t<\/div>\n\t\t\t\t<\/div>\n\t\t\t\t<\/div>\n\t\t\t\t<\/div>\n\t\t<div class=\"elementor-element elementor-element-b4352b2 e-con-full e-flex e-con e-parent\" data-id=\"b4352b2\" data-element_type=\"container\" data-e-type=\"container\">\n\t\t<div class=\"elementor-element elementor-element-63472f1 e-con-full e-transform e-flex e-con e-child\" data-id=\"63472f1\" data-element_type=\"container\" data-e-type=\"container\" data-settings=\"{&quot;background_background&quot;:&quot;classic&quot;,&quot;_transform_scale_effect_hover&quot;:{&quot;unit&quot;:&quot;px&quot;,&quot;size&quot;:1.02,&quot;sizes&quot;:[]},&quot;_transform_scale_effect_hover_tablet&quot;:{&quot;unit&quot;:&quot;px&quot;,&quot;size&quot;:&quot;&quot;,&quot;sizes&quot;:[]},&quot;_transform_scale_effect_hover_mobile&quot;:{&quot;unit&quot;:&quot;px&quot;,&quot;size&quot;:&quot;&quot;,&quot;sizes&quot;:[]}}\">\n\t\t\t\t<\/div>\n\t\t<div class=\"elementor-element elementor-element-6129382 e-con-full e-flex e-con e-child\" data-id=\"6129382\" data-element_type=\"container\" data-e-type=\"container\">\n\t\t\t\t<div class=\"elementor-element elementor-element-195d8d4 elementor-widget elementor-widget-text-editor\" data-id=\"195d8d4\" data-element_type=\"widget\" data-e-type=\"widget\" data-widget_type=\"text-editor.default\">\n\t\t\t\t\t\t\t\t\tNature prot\u00e9g\u00e9e\n\t\t\t\t\t\t\t\t<\/div>\n\t\t\t\t<div class=\"elementor-element elementor-element-52043f6 elementor-invisible elementor-widget elementor-widget-heading\" data-id=\"52043f6\" data-element_type=\"widget\" data-e-type=\"widget\" data-settings=\"{&quot;_animation&quot;:&quot;fadeInUp&quot;}\" data-widget_type=\"heading.default\">\n\t\t\t\t\t<h1 class=\"elementor-heading-title elementor-size-default\">Parc naturel<br><i><span style=\"color:#765c47\">de la vall\u00e9e de Sorteny<\/span><\/i> <\/h1>\t\t\t\t<\/div>\n\t\t\t\t<div class=\"elementor-element elementor-element-6dfbd22 elementor-widget elementor-widget-text-editor\" data-id=\"6dfbd22\" data-element_type=\"widget\" data-e-type=\"widget\" data-widget_type=\"text-editor.default\">\n\t\t\t\t\t\t\t\t\tR\u00e9serve de biosph\u00e8re de l&rsquo;UNESCO \u00b7 D&rsquo;Ordino\n\n\t\t\t\t\t\t\t\t<\/div>\n\t\t\t\t<div class=\"elementor-element elementor-element-5a74ad3 elementor-widget__width-initial elementor-widget elementor-widget-text-editor\" data-id=\"5a74ad3\" data-element_type=\"widget\" data-e-type=\"widget\" data-widget_type=\"text-editor.default\">\n\t\t\t\t\t\t\t\t\t<p>Un paradis naturel class\u00e9 au patrimoine mondial de l&rsquo;UNESCO, abritant plus de 500 esp\u00e8ces v\u00e9g\u00e9tales, des marmottes, des chamois et des aigles royaux. En hiver, profitez de randonn\u00e9es en raquettes dans un silence absolu. Au printemps et en \u00e9t\u00e9, partez en randonn\u00e9e \u00e0 travers des prairies alpines et longez des lacs glaciaires d&rsquo;une beaut\u00e9 \u00e0 couper le souffle.  <\/p><p>Le parc est \u00e0 quelques minutes \u00e0 pied ou en voiture de l&rsquo;h\u00f4tel. L&rsquo;office de tourisme d&rsquo;Ordino organise des visites guid\u00e9es avec des naturalistes locaux. <\/p>\t\t\t\t\t\t\t\t<\/div>\n\t\t\t\t<div class=\"elementor-element elementor-element-37338f0 elementor-tablet-align-center elementor-mobile-align-center e-transform e-transform elementor-widget-mobile__width-inherit elementor-widget elementor-widget-button\" data-id=\"37338f0\" data-element_type=\"widget\" data-e-type=\"widget\" data-settings=\"{&quot;_transform_translateX_effect_hover&quot;:{&quot;unit&quot;:&quot;px&quot;,&quot;size&quot;:4,&quot;sizes&quot;:[]},&quot;_transform_translateX_effect&quot;:{&quot;unit&quot;:&quot;px&quot;,&quot;size&quot;:&quot;&quot;,&quot;sizes&quot;:[]},&quot;_transform_translateX_effect_tablet&quot;:{&quot;unit&quot;:&quot;px&quot;,&quot;size&quot;:&quot;&quot;,&quot;sizes&quot;:[]},&quot;_transform_translateX_effect_mobile&quot;:{&quot;unit&quot;:&quot;px&quot;,&quot;size&quot;:&quot;&quot;,&quot;sizes&quot;:[]},&quot;_transform_translateY_effect&quot;:{&quot;unit&quot;:&quot;px&quot;,&quot;size&quot;:&quot;&quot;,&quot;sizes&quot;:[]},&quot;_transform_translateY_effect_tablet&quot;:{&quot;unit&quot;:&quot;px&quot;,&quot;size&quot;:&quot;&quot;,&quot;sizes&quot;:[]},&quot;_transform_translateY_effect_mobile&quot;:{&quot;unit&quot;:&quot;px&quot;,&quot;size&quot;:&quot;&quot;,&quot;sizes&quot;:[]},&quot;_transform_translateX_effect_hover_tablet&quot;:{&quot;unit&quot;:&quot;px&quot;,&quot;size&quot;:&quot;&quot;,&quot;sizes&quot;:[]},&quot;_transform_translateX_effect_hover_mobile&quot;:{&quot;unit&quot;:&quot;px&quot;,&quot;size&quot;:&quot;&quot;,&quot;sizes&quot;:[]},&quot;_transform_translateY_effect_hover&quot;:{&quot;unit&quot;:&quot;px&quot;,&quot;size&quot;:&quot;&quot;,&quot;sizes&quot;:[]},&quot;_transform_translateY_effect_hover_tablet&quot;:{&quot;unit&quot;:&quot;px&quot;,&quot;size&quot;:&quot;&quot;,&quot;sizes&quot;:[]},&quot;_transform_translateY_effect_hover_mobile&quot;:{&quot;unit&quot;:&quot;px&quot;,&quot;size&quot;:&quot;&quot;,&quot;sizes&quot;:[]}}\" data-widget_type=\"button.default\">\n\t\t\t\t\t\t\t\t\t\t<a class=\"elementor-button elementor-button-link elementor-size-sm\" href=\"https:\/\/www.sorteny.ad\/\" target=\"_blank\">\n\t\t\t\t\t\t<span class=\"elementor-button-content-wrapper\">\n\t\t\t\t\t\t<span class=\"elementor-button-icon\">\n\t\t\t\t<svg xmlns=\"http:\/\/www.w3.org\/2000\/svg\" width=\"36\" height=\"7\" viewBox=\"0 0 36 7\" fill=\"none\"><path d=\"M0 3.39258H32.948\" stroke=\"#EFEBE5\" stroke-width=\"2\"><\/path><path d=\"M28.9688 6.78125L32.3617 3.39025L28.9688 0.000249863H31.8477L35.2387 3.39025L31.8477 6.78125H28.9688Z\" fill=\"#EFEBE5\"><\/path><\/svg>\t\t\t<\/span>\n\t\t\t\t\t\t\t\t\t<span class=\"elementor-button-text\">Vall\u00e9e de Sorteny<\/span>\n\t\t\t\t\t<\/span>\n\t\t\t\t\t<\/a>\n\t\t\t\t\t\t\t\t<\/div>\n\t\t\t\t<\/div>\n\t\t\t\t<\/div>\n\t\t<div class=\"elementor-element elementor-element-3abf47b e-con-full e-flex e-con e-parent\" data-id=\"3abf47b\" data-element_type=\"container\" data-e-type=\"container\">\n\t\t<div class=\"elementor-element elementor-element-3f45be6 e-con-full e-transform e-flex e-con e-child\" data-id=\"3f45be6\" data-element_type=\"container\" data-e-type=\"container\" data-settings=\"{&quot;background_background&quot;:&quot;classic&quot;,&quot;_transform_scale_effect_hover&quot;:{&quot;unit&quot;:&quot;px&quot;,&quot;size&quot;:1.02,&quot;sizes&quot;:[]},&quot;_transform_scale_effect_hover_tablet&quot;:{&quot;unit&quot;:&quot;px&quot;,&quot;size&quot;:&quot;&quot;,&quot;sizes&quot;:[]},&quot;_transform_scale_effect_hover_mobile&quot;:{&quot;unit&quot;:&quot;px&quot;,&quot;size&quot;:&quot;&quot;,&quot;sizes&quot;:[]}}\">\n\t\t\t\t<\/div>\n\t\t<div class=\"elementor-element elementor-element-2a53b9c e-con-full e-flex e-con e-child\" data-id=\"2a53b9c\" data-element_type=\"container\" data-e-type=\"container\">\n\t\t\t\t<div class=\"elementor-element elementor-element-870d626 elementor-widget elementor-widget-text-editor\" data-id=\"870d626\" data-element_type=\"widget\" data-e-type=\"widget\" data-widget_type=\"text-editor.default\">\n\t\t\t\t\t\t\t\t\t<p>Culture dans Ordino<\/p>\t\t\t\t\t\t\t\t<\/div>\n\t\t\t\t<div class=\"elementor-element elementor-element-3cb25c4 elementor-invisible elementor-widget elementor-widget-heading\" data-id=\"3cb25c4\" data-element_type=\"widget\" data-e-type=\"widget\" data-settings=\"{&quot;_animation&quot;:&quot;fadeInUp&quot;}\" data-widget_type=\"heading.default\">\n\t\t\t\t\t<h1 class=\"elementor-heading-title elementor-size-default\">Mus\u00e9e des <i><span style=\"color:#765c47\">Miniatures<\/span><\/i> <\/h1>\t\t\t\t<\/div>\n\t\t\t\t<div class=\"elementor-element elementor-element-3afae62 elementor-widget elementor-widget-text-editor\" data-id=\"3afae62\" data-element_type=\"widget\" data-e-type=\"widget\" data-widget_type=\"text-editor.default\">\n\t\t\t\t\t\t\t\t\tUne exp\u00e9rience unique au monde\n\n\t\t\t\t\t\t\t\t<\/div>\n\t\t\t\t<div class=\"elementor-element elementor-element-987cc33 elementor-widget__width-initial elementor-widget elementor-widget-text-editor\" data-id=\"987cc33\" data-element_type=\"widget\" data-e-type=\"widget\" data-widget_type=\"text-editor.default\">\n\t\t\t\t\t\t\t\t\t<p>Le mus\u00e9e miniature d&rsquo;Ordino abrite l&rsquo;une des collections les plus \u00e9tonnantes au monde : des \u0153uvres d&rsquo;art microscopiques cr\u00e9\u00e9es dans le chas d&rsquo;une aiguille, sur l&rsquo;aile d&rsquo;une mouche ou sur un p\u00e9pin de pomme. Un lieu qui d\u00e9fie les limites de la perception et fascine tous les \u00e2ges. <\/p><p>\u00c0 quelques pas seulement de l&rsquo;h\u00f4tel Coma, c&rsquo;est un incontournable pour les jours o\u00f9 vous avez envie de d\u00e9couvrir Ordino \u00e0 pied.<\/p>\t\t\t\t\t\t\t\t<\/div>\n\t\t\t\t<div class=\"elementor-element elementor-element-f9ed2e6 elementor-tablet-align-center elementor-mobile-align-center e-transform e-transform elementor-widget-mobile__width-inherit elementor-widget elementor-widget-button\" data-id=\"f9ed2e6\" data-element_type=\"widget\" data-e-type=\"widget\" data-settings=\"{&quot;_transform_translateX_effect_hover&quot;:{&quot;unit&quot;:&quot;px&quot;,&quot;size&quot;:4,&quot;sizes&quot;:[]},&quot;_transform_translateX_effect&quot;:{&quot;unit&quot;:&quot;px&quot;,&quot;size&quot;:&quot;&quot;,&quot;sizes&quot;:[]},&quot;_transform_translateX_effect_tablet&quot;:{&quot;unit&quot;:&quot;px&quot;,&quot;size&quot;:&quot;&quot;,&quot;sizes&quot;:[]},&quot;_transform_translateX_effect_mobile&quot;:{&quot;unit&quot;:&quot;px&quot;,&quot;size&quot;:&quot;&quot;,&quot;sizes&quot;:[]},&quot;_transform_translateY_effect&quot;:{&quot;unit&quot;:&quot;px&quot;,&quot;size&quot;:&quot;&quot;,&quot;sizes&quot;:[]},&quot;_transform_translateY_effect_tablet&quot;:{&quot;unit&quot;:&quot;px&quot;,&quot;size&quot;:&quot;&quot;,&quot;sizes&quot;:[]},&quot;_transform_translateY_effect_mobile&quot;:{&quot;unit&quot;:&quot;px&quot;,&quot;size&quot;:&quot;&quot;,&quot;sizes&quot;:[]},&quot;_transform_translateX_effect_hover_tablet&quot;:{&quot;unit&quot;:&quot;px&quot;,&quot;size&quot;:&quot;&quot;,&quot;sizes&quot;:[]},&quot;_transform_translateX_effect_hover_mobile&quot;:{&quot;unit&quot;:&quot;px&quot;,&quot;size&quot;:&quot;&quot;,&quot;sizes&quot;:[]},&quot;_transform_translateY_effect_hover&quot;:{&quot;unit&quot;:&quot;px&quot;,&quot;size&quot;:&quot;&quot;,&quot;sizes&quot;:[]},&quot;_transform_translateY_effect_hover_tablet&quot;:{&quot;unit&quot;:&quot;px&quot;,&quot;size&quot;:&quot;&quot;,&quot;sizes&quot;:[]},&quot;_transform_translateY_effect_hover_mobile&quot;:{&quot;unit&quot;:&quot;px&quot;,&quot;size&quot;:&quot;&quot;,&quot;sizes&quot;:[]}}\" data-widget_type=\"button.default\">\n\t\t\t\t\t\t\t\t\t\t<a class=\"elementor-button elementor-button-link elementor-size-sm\" href=\"https:\/\/museus.ad\/museus\/museu-de-la-miniatura\" target=\"_blank\">\n\t\t\t\t\t\t<span class=\"elementor-button-content-wrapper\">\n\t\t\t\t\t\t<span class=\"elementor-button-icon\">\n\t\t\t\t<svg xmlns=\"http:\/\/www.w3.org\/2000\/svg\" width=\"36\" height=\"7\" viewBox=\"0 0 36 7\" fill=\"none\"><path d=\"M0 3.39258H32.948\" stroke=\"#EFEBE5\" stroke-width=\"2\"><\/path><path d=\"M28.9688 6.78125L32.3617 3.39025L28.9688 0.000249863H31.8477L35.2387 3.39025L31.8477 6.78125H28.9688Z\" fill=\"#EFEBE5\"><\/path><\/svg>\t\t\t<\/span>\n\t\t\t\t\t\t\t\t\t<span class=\"elementor-button-text\">Mus\u00e9e des miniatures<\/span>\n\t\t\t\t\t<\/span>\n\t\t\t\t\t<\/a>\n\t\t\t\t\t\t\t\t<\/div>\n\t\t\t\t<\/div>\n\t\t\t\t<\/div>\n\t\t<div class=\"elementor-element elementor-element-cc35869 e-con-full e-flex e-con e-parent\" data-id=\"cc35869\" data-element_type=\"container\" data-e-type=\"container\">\n\t\t<div class=\"elementor-element elementor-element-da71558 e-con-full e-transform e-flex e-con e-child\" data-id=\"da71558\" data-element_type=\"container\" data-e-type=\"container\" data-settings=\"{&quot;background_background&quot;:&quot;classic&quot;,&quot;_transform_scale_effect_hover&quot;:{&quot;unit&quot;:&quot;px&quot;,&quot;size&quot;:1.02,&quot;sizes&quot;:[]},&quot;_transform_scale_effect_hover_tablet&quot;:{&quot;unit&quot;:&quot;px&quot;,&quot;size&quot;:&quot;&quot;,&quot;sizes&quot;:[]},&quot;_transform_scale_effect_hover_mobile&quot;:{&quot;unit&quot;:&quot;px&quot;,&quot;size&quot;:&quot;&quot;,&quot;sizes&quot;:[]}}\">\n\t\t\t\t<\/div>\n\t\t<div class=\"elementor-element elementor-element-f7ea9ec e-con-full e-flex e-con e-child\" data-id=\"f7ea9ec\" data-element_type=\"container\" data-e-type=\"container\">\n\t\t\t\t<div class=\"elementor-element elementor-element-c3d386b elementor-widget elementor-widget-text-editor\" data-id=\"c3d386b\" data-element_type=\"widget\" data-e-type=\"widget\" data-widget_type=\"text-editor.default\">\n\t\t\t\t\t\t\t\t\t<p>Culture et musique<\/p>\t\t\t\t\t\t\t\t<\/div>\n\t\t\t\t<div class=\"elementor-element elementor-element-8ac39d7 elementor-invisible elementor-widget elementor-widget-heading\" data-id=\"8ac39d7\" data-element_type=\"widget\" data-e-type=\"widget\" data-settings=\"{&quot;_animation&quot;:&quot;fadeInUp&quot;}\" data-widget_type=\"heading.default\">\n\t\t\t\t\t<h1 class=\"elementor-heading-title elementor-size-default\">Auditorium national\n<i><span style=\"color:#765c47\">d'Andorre<\/span><\/i> <\/h1>\t\t\t\t<\/div>\n\t\t\t\t<div class=\"elementor-element elementor-element-79a0805 elementor-widget elementor-widget-text-editor\" data-id=\"79a0805\" data-element_type=\"widget\" data-e-type=\"widget\" data-widget_type=\"text-editor.default\">\n\t\t\t\t\t\t\t\t\tLa principale sc\u00e8ne culturelle du pays\n\n\t\t\t\t\t\t\t\t<\/div>\n\t\t\t\t<div class=\"elementor-element elementor-element-27de356 elementor-widget__width-initial elementor-widget elementor-widget-text-editor\" data-id=\"27de356\" data-element_type=\"widget\" data-e-type=\"widget\" data-widget_type=\"text-editor.default\">\n\t\t\t\t\t\t\t\t\t<p>L&rsquo;Auditorium national d&rsquo;Andorre, \u00e0 Ordino, est le plus important espace culturel du pays. Berceau de festivals internationaux de musique classique et de jazz, la ville accueille chaque saison des spectacles de haut niveau, ce qui en fait une r\u00e9f\u00e9rence culturelle dans les Pyr\u00e9n\u00e9es. <\/p><p>Un fait li\u00e9 \u00e0 l&rsquo;histoire de l&rsquo;H\u00f4tel Coma : l&rsquo;Auditori a \u00e9t\u00e9 construit sur le terrain o\u00f9 la famille d&rsquo;Areny-Plandolit avait ses \u00e9curies, celles-l\u00e0 m\u00eames qu&rsquo;ils ont vendues \u00e0 la famille Coma pour rendre possible l&rsquo;agrandissement de l&rsquo;h\u00f4tel en 1932.<\/p>\t\t\t\t\t\t\t\t<\/div>\n\t\t\t\t<div class=\"elementor-element elementor-element-1dca7e5 elementor-tablet-align-center elementor-mobile-align-center e-transform e-transform elementor-widget-mobile__width-inherit elementor-widget elementor-widget-button\" data-id=\"1dca7e5\" data-element_type=\"widget\" data-e-type=\"widget\" data-settings=\"{&quot;_transform_translateX_effect_hover&quot;:{&quot;unit&quot;:&quot;px&quot;,&quot;size&quot;:4,&quot;sizes&quot;:[]},&quot;_transform_translateX_effect&quot;:{&quot;unit&quot;:&quot;px&quot;,&quot;size&quot;:&quot;&quot;,&quot;sizes&quot;:[]},&quot;_transform_translateX_effect_tablet&quot;:{&quot;unit&quot;:&quot;px&quot;,&quot;size&quot;:&quot;&quot;,&quot;sizes&quot;:[]},&quot;_transform_translateX_effect_mobile&quot;:{&quot;unit&quot;:&quot;px&quot;,&quot;size&quot;:&quot;&quot;,&quot;sizes&quot;:[]},&quot;_transform_translateY_effect&quot;:{&quot;unit&quot;:&quot;px&quot;,&quot;size&quot;:&quot;&quot;,&quot;sizes&quot;:[]},&quot;_transform_translateY_effect_tablet&quot;:{&quot;unit&quot;:&quot;px&quot;,&quot;size&quot;:&quot;&quot;,&quot;sizes&quot;:[]},&quot;_transform_translateY_effect_mobile&quot;:{&quot;unit&quot;:&quot;px&quot;,&quot;size&quot;:&quot;&quot;,&quot;sizes&quot;:[]},&quot;_transform_translateX_effect_hover_tablet&quot;:{&quot;unit&quot;:&quot;px&quot;,&quot;size&quot;:&quot;&quot;,&quot;sizes&quot;:[]},&quot;_transform_translateX_effect_hover_mobile&quot;:{&quot;unit&quot;:&quot;px&quot;,&quot;size&quot;:&quot;&quot;,&quot;sizes&quot;:[]},&quot;_transform_translateY_effect_hover&quot;:{&quot;unit&quot;:&quot;px&quot;,&quot;size&quot;:&quot;&quot;,&quot;sizes&quot;:[]},&quot;_transform_translateY_effect_hover_tablet&quot;:{&quot;unit&quot;:&quot;px&quot;,&quot;size&quot;:&quot;&quot;,&quot;sizes&quot;:[]},&quot;_transform_translateY_effect_hover_mobile&quot;:{&quot;unit&quot;:&quot;px&quot;,&quot;size&quot;:&quot;&quot;,&quot;sizes&quot;:[]}}\" data-widget_type=\"button.default\">\n\t\t\t\t\t\t\t\t\t\t<a class=\"elementor-button elementor-button-link elementor-size-sm\" href=\"https:\/\/www.govern.ad\/ca\/tematiques\/cultura-i-esports\/espais-publicacions-i-concursos\/descobrir-l-auditori-nacional-d-andorra\" target=\"_blank\">\n\t\t\t\t\t\t<span class=\"elementor-button-content-wrapper\">\n\t\t\t\t\t\t<span class=\"elementor-button-icon\">\n\t\t\t\t<svg xmlns=\"http:\/\/www.w3.org\/2000\/svg\" width=\"36\" height=\"7\" viewBox=\"0 0 36 7\" fill=\"none\"><path d=\"M0 3.39258H32.948\" stroke=\"#EFEBE5\" stroke-width=\"2\"><\/path><path d=\"M28.9688 6.78125L32.3617 3.39025L28.9688 0.000249863H31.8477L35.2387 3.39025L31.8477 6.78125H28.9688Z\" fill=\"#EFEBE5\"><\/path><\/svg>\t\t\t<\/span>\n\t\t\t\t\t\t\t\t\t<span class=\"elementor-button-text\">Auditorium National<\/span>\n\t\t\t\t\t<\/span>\n\t\t\t\t\t<\/a>\n\t\t\t\t\t\t\t\t<\/div>\n\t\t\t\t<\/div>\n\t\t\t\t<\/div>\n\t\t<div class=\"elementor-element elementor-element-edc2c78 e-con-full e-flex e-con e-parent\" data-id=\"edc2c78\" data-element_type=\"container\" data-e-type=\"container\">\n\t\t<div class=\"elementor-element elementor-element-5883b92 e-con-full e-transform e-flex e-con e-child\" data-id=\"5883b92\" data-element_type=\"container\" data-e-type=\"container\" data-settings=\"{&quot;background_background&quot;:&quot;classic&quot;,&quot;_transform_scale_effect_hover&quot;:{&quot;unit&quot;:&quot;px&quot;,&quot;size&quot;:1.02,&quot;sizes&quot;:[]},&quot;_transform_scale_effect_hover_tablet&quot;:{&quot;unit&quot;:&quot;px&quot;,&quot;size&quot;:&quot;&quot;,&quot;sizes&quot;:[]},&quot;_transform_scale_effect_hover_mobile&quot;:{&quot;unit&quot;:&quot;px&quot;,&quot;size&quot;:&quot;&quot;,&quot;sizes&quot;:[]}}\">\n\t\t\t\t<\/div>\n\t\t<div class=\"elementor-element elementor-element-155a088 e-con-full e-flex e-con e-child\" data-id=\"155a088\" data-element_type=\"container\" data-e-type=\"container\">\n\t\t\t\t<div class=\"elementor-element elementor-element-8f014be elementor-widget elementor-widget-text-editor\" data-id=\"8f014be\" data-element_type=\"widget\" data-e-type=\"widget\" data-widget_type=\"text-editor.default\">\n\t\t\t\t\t\t\t\t\tHistoire d&rsquo;Ordino\n\t\t\t\t\t\t\t\t<\/div>\n\t\t\t\t<div class=\"elementor-element elementor-element-7bb389f elementor-invisible elementor-widget elementor-widget-heading\" data-id=\"7bb389f\" data-element_type=\"widget\" data-e-type=\"widget\" data-settings=\"{&quot;_animation&quot;:&quot;fadeInUp&quot;}\" data-widget_type=\"heading.default\">\n\t\t\t\t\t<h1 class=\"elementor-heading-title elementor-size-default\">Maison<br><i><span style=\"color:#765c47\">d'Areny-Plandolit<\/span><\/i><\/h1>\t\t\t\t<\/div>\n\t\t\t\t<div class=\"elementor-element elementor-element-d04239c elementor-widget elementor-widget-text-editor\" data-id=\"d04239c\" data-element_type=\"widget\" data-e-type=\"widget\" data-widget_type=\"text-editor.default\">\n\t\t\t\t\t\t\t\t\tLe manoir majestueux du XVIIe si\u00e8cle\n\n\t\t\t\t\t\t\t\t<\/div>\n\t\t\t\t<div class=\"elementor-element elementor-element-6824381 elementor-widget__width-initial elementor-widget elementor-widget-text-editor\" data-id=\"6824381\" data-element_type=\"widget\" data-e-type=\"widget\" data-widget_type=\"text-editor.default\">\n\t\t\t\t\t\t\t\t\t<p>La Casa d&rsquo;Areny-Plandolit est le b\u00e2timent historique le mieux conserv\u00e9 d&rsquo;Andorre. R\u00e9sidence de la famille la plus influente d&rsquo;Ordino pendant deux si\u00e8cles, elle a conserv\u00e9 intacts ses salons, sa cuisine historique, sa chapelle priv\u00e9e et son jardin ext\u00e9rieur.  Une fen\u00eatre authentique sur la vie aristocratique andorrane au XIXe si\u00e8cle. <\/p><p>Curiosidad hist\u00f3rica: fue Xavier d&rsquo;Areny-Plandolit quien convenci\u00f3 a Bonaventura Coma para construir el hotel en 1932, prometi\u00e9ndole que el museo que abrir\u00eda en los terrenos vecinos atraer\u00eda visitantes. Una historia de vecinos que dura hasta hoy. <\/p>\t\t\t\t\t\t\t\t<\/div>\n\t\t\t\t<div class=\"elementor-element elementor-element-27de546 elementor-tablet-align-center elementor-mobile-align-center e-transform e-transform elementor-widget-mobile__width-inherit elementor-widget elementor-widget-button\" data-id=\"27de546\" data-element_type=\"widget\" data-e-type=\"widget\" data-settings=\"{&quot;_transform_translateX_effect_hover&quot;:{&quot;unit&quot;:&quot;px&quot;,&quot;size&quot;:4,&quot;sizes&quot;:[]},&quot;_transform_translateX_effect&quot;:{&quot;unit&quot;:&quot;px&quot;,&quot;size&quot;:&quot;&quot;,&quot;sizes&quot;:[]},&quot;_transform_translateX_effect_tablet&quot;:{&quot;unit&quot;:&quot;px&quot;,&quot;size&quot;:&quot;&quot;,&quot;sizes&quot;:[]},&quot;_transform_translateX_effect_mobile&quot;:{&quot;unit&quot;:&quot;px&quot;,&quot;size&quot;:&quot;&quot;,&quot;sizes&quot;:[]},&quot;_transform_translateY_effect&quot;:{&quot;unit&quot;:&quot;px&quot;,&quot;size&quot;:&quot;&quot;,&quot;sizes&quot;:[]},&quot;_transform_translateY_effect_tablet&quot;:{&quot;unit&quot;:&quot;px&quot;,&quot;size&quot;:&quot;&quot;,&quot;sizes&quot;:[]},&quot;_transform_translateY_effect_mobile&quot;:{&quot;unit&quot;:&quot;px&quot;,&quot;size&quot;:&quot;&quot;,&quot;sizes&quot;:[]},&quot;_transform_translateX_effect_hover_tablet&quot;:{&quot;unit&quot;:&quot;px&quot;,&quot;size&quot;:&quot;&quot;,&quot;sizes&quot;:[]},&quot;_transform_translateX_effect_hover_mobile&quot;:{&quot;unit&quot;:&quot;px&quot;,&quot;size&quot;:&quot;&quot;,&quot;sizes&quot;:[]},&quot;_transform_translateY_effect_hover&quot;:{&quot;unit&quot;:&quot;px&quot;,&quot;size&quot;:&quot;&quot;,&quot;sizes&quot;:[]},&quot;_transform_translateY_effect_hover_tablet&quot;:{&quot;unit&quot;:&quot;px&quot;,&quot;size&quot;:&quot;&quot;,&quot;sizes&quot;:[]},&quot;_transform_translateY_effect_hover_mobile&quot;:{&quot;unit&quot;:&quot;px&quot;,&quot;size&quot;:&quot;&quot;,&quot;sizes&quot;:[]}}\" data-widget_type=\"button.default\">\n\t\t\t\t\t\t\t\t\t\t<a class=\"elementor-button elementor-button-link elementor-size-sm\" href=\"https:\/\/museus.ad\/museus\/museu-casa-d-areny-plandolit\" target=\"_blank\">\n\t\t\t\t\t\t<span class=\"elementor-button-content-wrapper\">\n\t\t\t\t\t\t<span class=\"elementor-button-icon\">\n\t\t\t\t<svg xmlns=\"http:\/\/www.w3.org\/2000\/svg\" width=\"36\" height=\"7\" viewBox=\"0 0 36 7\" fill=\"none\"><path d=\"M0 3.39258H32.948\" stroke=\"#EFEBE5\" stroke-width=\"2\"><\/path><path d=\"M28.9688 6.78125L32.3617 3.39025L28.9688 0.000249863H31.8477L35.2387 3.39025L31.8477 6.78125H28.9688Z\" fill=\"#EFEBE5\"><\/path><\/svg>\t\t\t<\/span>\n\t\t\t\t\t\t\t\t\t<span class=\"elementor-button-text\">Casa D'Areny-Plandolit<\/span>\n\t\t\t\t\t<\/span>\n\t\t\t\t\t<\/a>\n\t\t\t\t\t\t\t\t<\/div>\n\t\t\t\t<\/div>\n\t\t\t\t<\/div>\n\t\t<div class=\"elementor-element elementor-element-21c2341 e-con-full e-flex e-con e-parent\" data-id=\"21c2341\" data-element_type=\"container\" data-e-type=\"container\" data-settings=\"{&quot;background_background&quot;:&quot;classic&quot;}\">\n\t\t<div class=\"elementor-element elementor-element-3c0641e e-con-full e-flex e-con e-child\" data-id=\"3c0641e\" data-element_type=\"container\" data-e-type=\"container\">\n\t\t\t\t<div class=\"elementor-element elementor-element-afe4476 elementor-widget elementor-widget-text-editor\" data-id=\"afe4476\" data-element_type=\"widget\" data-e-type=\"widget\" data-widget_type=\"text-editor.default\">\n\t\t\t\t\t\t\t\t\tQue voir d&rsquo;autre \u00e0 Ordino ?\n\t\t\t\t\t\t\t\t<\/div>\n\t\t\t\t<div class=\"elementor-element elementor-element-7ff3f02 elementor-invisible elementor-widget elementor-widget-heading\" data-id=\"7ff3f02\" data-element_type=\"widget\" data-e-type=\"widget\" data-settings=\"{&quot;_animation&quot;:&quot;fadeInUp&quot;}\" data-widget_type=\"heading.default\">\n\t\t\t\t\t<h1 class=\"elementor-heading-title elementor-size-default\">Une ville <i><span style=\"color:#765c47\">d'histoire vivante<\/span><\/i><\/h1>\t\t\t\t<\/div>\n\t\t\t\t<div class=\"elementor-element elementor-element-1061a77 elementor-widget__width-initial elementor-widget elementor-widget-text-editor\" data-id=\"1061a77\" data-element_type=\"widget\" data-e-type=\"widget\" data-widget_type=\"text-editor.default\">\n\t\t\t\t\t\t\t\t\t<p>Ordino pr\u00e9serve son \u00e2me. Chaque recoin du village raconte une histoire, et nombre d&rsquo;entre elles sont intimement li\u00e9es \u00e0 celle de l&rsquo;H\u00f4tel Coma lui-m\u00eame. <\/p>\t\t\t\t\t\t\t\t<\/div>\n\t\t<div class=\"elementor-element elementor-element-0a8ef6c e-con-full e-flex e-con e-child\" data-id=\"0a8ef6c\" data-element_type=\"container\" data-e-type=\"container\">\n\t\t\t\t<div class=\"elementor-element elementor-element-4ea4312 elementor-widget elementor-widget-heading\" data-id=\"4ea4312\" data-element_type=\"widget\" data-e-type=\"widget\" data-widget_type=\"heading.default\">\n\t\t\t\t\t<h2 class=\"elementor-heading-title elementor-size-default\">\u00c9glise de Sant Corneli et Sant Cebri\u00e0<\/h2>\t\t\t\t<\/div>\n\t\t\t\t<div class=\"elementor-element elementor-element-5849461 elementor-widget elementor-widget-text-editor\" data-id=\"5849461\" data-element_type=\"widget\" data-e-type=\"widget\" data-widget_type=\"text-editor.default\">\n\t\t\t\t\t\t\t\t\tJoyau de l&rsquo;architecture romane andorrane du XVIe si\u00e8cle, son clocher en pierre domine la place du village et ses fresques int\u00e9rieures t\u00e9moignent de l&rsquo;art m\u00e9di\u00e9val des Pyr\u00e9n\u00e9es. Entr\u00e9e libre.  \n\n\t\t\t\t\t\t\t\t<\/div>\n\t\t\t\t<\/div>\n\t\t<div class=\"elementor-element elementor-element-32400d8 e-con-full e-flex e-con e-child\" data-id=\"32400d8\" data-element_type=\"container\" data-e-type=\"container\">\n\t\t\t\t<div class=\"elementor-element elementor-element-a09cb0e elementor-widget elementor-widget-heading\" data-id=\"a09cb0e\" data-element_type=\"widget\" data-e-type=\"widget\" data-widget_type=\"heading.default\">\n\t\t\t\t\t<h2 class=\"elementor-heading-title elementor-size-default\">Des itin\u00e9raires th\u00e9matiques \u00e0 travers le village<\/h2>\t\t\t\t<\/div>\n\t\t\t\t<div class=\"elementor-element elementor-element-cbe0abb elementor-widget elementor-widget-text-editor\" data-id=\"cbe0abb\" data-element_type=\"widget\" data-e-type=\"widget\" data-widget_type=\"text-editor.default\">\n\t\t\t\t\t\t\t\t\tL&rsquo;office de tourisme d&rsquo;Ordino organise des visites guid\u00e9es du centre historique, des fermes traditionnelles et des anciens lavoirs. Une promenade d&rsquo;une heure \u00e0 travers les rues pav\u00e9es, \u00e0 la d\u00e9couverte de si\u00e8cles d&rsquo;histoire. \n\n\t\t\t\t\t\t\t\t<\/div>\n\t\t\t\t<\/div>\n\t\t<div class=\"elementor-element elementor-element-a98fb70 e-con-full e-flex e-con e-child\" data-id=\"a98fb70\" data-element_type=\"container\" data-e-type=\"container\">\n\t\t\t\t<div class=\"elementor-element elementor-element-f6a5f9d elementor-widget elementor-widget-heading\" data-id=\"f6a5f9d\" data-element_type=\"widget\" data-e-type=\"widget\" data-widget_type=\"heading.default\">\n\t\t\t\t\t<h2 class=\"elementor-heading-title elementor-size-default\">fermes traditionnelles et architecture<\/h2>\t\t\t\t<\/div>\n\t\t\t\t<div class=\"elementor-element elementor-element-d4d0490 elementor-widget elementor-widget-text-editor\" data-id=\"d4d0490\" data-element_type=\"widget\" data-e-type=\"widget\" data-widget_type=\"text-editor.default\">\n\t\t\t\t\t\t\t\t\tLes bordas \u2014 fermes en pierre et en bois \u2014 pars\u00e8ment la vall\u00e9e et constituent le symbole architectural d&rsquo;Ordino. Certaines ont \u00e9t\u00e9 restaur\u00e9es et transform\u00e9es en restaurants ou en espaces culturels, tout en conservant leur caract\u00e8re d&rsquo;origine. \n\n\t\t\t\t\t\t\t\t<\/div>\n\t\t\t\t<\/div>\n\t\t<div class=\"elementor-element elementor-element-2769224 e-con-full e-flex e-con e-child\" data-id=\"2769224\" data-element_type=\"container\" data-e-type=\"container\">\n\t\t\t\t<div class=\"elementor-element elementor-element-8cefde5 elementor-widget elementor-widget-heading\" data-id=\"8cefde5\" data-element_type=\"widget\" data-e-type=\"widget\" data-widget_type=\"heading.default\">\n\t\t\t\t\t<h2 class=\"elementor-heading-title elementor-size-default\">Meilleure ville touristique 2023<\/h2>\t\t\t\t<\/div>\n\t\t\t\t<div class=\"elementor-element elementor-element-8f35bdf elementor-widget elementor-widget-text-editor\" data-id=\"8f35bdf\" data-element_type=\"widget\" data-e-type=\"widget\" data-widget_type=\"text-editor.default\">\n\t\t\t\t\t\t\t\t\tEn 2023, l&rsquo;ONU a reconnu Ordino comme l&rsquo;un des meilleurs villages touristiques au monde, saluant son engagement en faveur du tourisme durable, de la pr\u00e9servation culturelle et du d\u00e9veloppement respectueux de l&rsquo;environnement.\n\n\t\t\t\t\t\t\t\t<\/div>\n\t\t\t\t<\/div>\n\t\t\t\t<\/div>\n\t\t<div class=\"elementor-element elementor-element-a157226 e-con-full e-flex e-con e-child\" data-id=\"a157226\" data-element_type=\"container\" data-e-type=\"container\" data-settings=\"{&quot;background_background&quot;:&quot;classic&quot;}\">\n\t\t<div class=\"elementor-element elementor-element-841fc6a e-con-full e-flex e-con e-child\" data-id=\"841fc6a\" data-element_type=\"container\" data-e-type=\"container\" data-settings=\"{&quot;background_background&quot;:&quot;classic&quot;}\">\n\t\t\t\t<div class=\"elementor-element elementor-element-34a96a8 elementor-widget elementor-widget-text-editor\" data-id=\"34a96a8\" data-element_type=\"widget\" data-e-type=\"widget\" data-widget_type=\"text-editor.default\">\n\t\t\t\t\t\t\t\t\t\u00ab Une ville qui accueille ses visiteurs comme la famille Coma accueillait ses invit\u00e9s : avec chaleur, sans artifice, et avec une cuisine des plus raffin\u00e9es. \u00bb\n\n\t\t\t\t\t\t\t\t<\/div>\n\t\t\t\t<div class=\"elementor-element elementor-element-5f209b1 elementor-widget elementor-widget-text-editor\" data-id=\"5f209b1\" data-element_type=\"widget\" data-e-type=\"widget\" data-widget_type=\"text-editor.default\">\n\t\t\t\t\t\t\t\t\t<p>H\u00f4tel Coma \u00b7 Ordino depuis 1932<\/p>\t\t\t\t\t\t\t\t<\/div>\n\t\t\t\t<\/div>\n\t\t\t\t<\/div>\n\t\t\t\t<\/div>\n\t\t<div class=\"elementor-element elementor-element-3148f6d e-flex e-con-boxed e-con e-parent\" data-id=\"3148f6d\" data-element_type=\"container\" data-e-type=\"container\">\n\t\t\t\t\t<div class=\"e-con-inner\">\n\t\t\t\t<div class=\"elementor-element elementor-element-38a5a32 elementor-widget elementor-widget-text-editor\" data-id=\"38a5a32\" data-element_type=\"widget\" data-e-type=\"widget\" data-widget_type=\"text-editor.default\">\n\t\t\t\t\t\t\t\t\tNature prot\u00e9g\u00e9e\n\t\t\t\t\t\t\t\t<\/div>\n\t\t\t\t<div class=\"elementor-element elementor-element-9b1d64a elementor-invisible elementor-widget elementor-widget-heading\" data-id=\"9b1d64a\" data-element_type=\"widget\" data-e-type=\"widget\" data-settings=\"{&quot;_animation&quot;:&quot;fadeInUp&quot;}\" data-widget_type=\"heading.default\">\n\t\t\t\t\t<h1 class=\"elementor-heading-title elementor-size-default\">Ordino, r\u00e9serve de biosph\u00e8re de <i><span style=\"color:#765c47\">l'UNESCO<\/span><\/i><\/h1>\t\t\t\t<\/div>\n\t\t\t\t<div class=\"elementor-element elementor-element-4cb7688 elementor-widget__width-initial elementor-widget elementor-widget-text-editor\" data-id=\"4cb7688\" data-element_type=\"widget\" data-e-type=\"widget\" data-widget_type=\"text-editor.default\">\n\t\t\t\t\t\t\t\t\tOrdino est la seule paroisse d&rsquo;Andorre reconnue R\u00e9serve de biosph\u00e8re par l&rsquo;UNESCO. Ce label garantit la pr\u00e9servation de son environnement naturel exceptionnel et fait de ce village une destination \u00e9coresponsable. \n\n\t\t\t\t\t\t\t\t<\/div>\n\t\t<div class=\"elementor-element elementor-element-e91f9f1 e-con-full e-flex e-con e-child\" data-id=\"e91f9f1\" data-element_type=\"container\" data-e-type=\"container\">\n\t\t\t\t<div class=\"elementor-element elementor-element-a91ae18 elementor-widget elementor-widget-text-editor\" data-id=\"a91ae18\" data-element_type=\"widget\" data-e-type=\"widget\" data-widget_type=\"text-editor.default\">\n\t\t\t\t\t\t\t\t\tPlus de 500 esp\u00e8ces v\u00e9g\u00e9tales \u00e0 Sorteny\t\t\t\t\t\t\t\t<\/div>\n\t\t\t\t<div class=\"elementor-element elementor-element-4b32318 elementor-widget elementor-widget-text-editor\" data-id=\"4b32318\" data-element_type=\"widget\" data-e-type=\"widget\" data-widget_type=\"text-editor.default\">\n\t\t\t\t\t\t\t\t\t Aigles royaux et chamois\n\t\t\t\t\t\t\t\t<\/div>\n\t\t\t\t<div class=\"elementor-element elementor-element-6ea5791 elementor-widget elementor-widget-text-editor\" data-id=\"6ea5791\" data-element_type=\"widget\" data-e-type=\"widget\" data-widget_type=\"text-editor.default\">\n\t\t\t\t\t\t\t\t\t lacs glaciaires\n\t\t\t\t\t\t\t\t<\/div>\n\t\t\t\t<div class=\"elementor-element elementor-element-18021a3 elementor-widget elementor-widget-text-editor\" data-id=\"18021a3\" data-element_type=\"widget\" data-e-type=\"widget\" data-widget_type=\"text-editor.default\">\n\t\t\t\t\t\t\t\t\tCirques de haute montagne\t\t\t\t\t\t\t\t<\/div>\n\t\t\t\t<div class=\"elementor-element elementor-element-6ab72fb elementor-widget elementor-widget-text-editor\" data-id=\"6ab72fb\" data-element_type=\"widget\" data-e-type=\"widget\" data-widget_type=\"text-editor.default\">\n\t\t\t\t\t\t\t\t\t<p> Tourisme responsable certifi\u00e9<\/p>\t\t\t\t\t\t\t\t<\/div>\n\t\t\t\t<div class=\"elementor-element elementor-element-d18d6fd elementor-widget elementor-widget-text-editor\" data-id=\"d18d6fd\" data-element_type=\"widget\" data-e-type=\"widget\" data-widget_type=\"text-editor.default\">\n\t\t\t\t\t\t\t\t\tMeilleur village touristique des Nations Unies 2023\t\t\t\t\t\t\t\t<\/div>\n\t\t\t\t<\/div>\n\t\t\t\t<div class=\"elementor-element elementor-element-d147158 elementor-tablet-align-center elementor-mobile-align-center e-transform e-transform elementor-widget-mobile__width-inherit elementor-align-center elementor-widget elementor-widget-button\" data-id=\"d147158\" data-element_type=\"widget\" data-e-type=\"widget\" data-settings=\"{&quot;_transform_translateX_effect_hover&quot;:{&quot;unit&quot;:&quot;px&quot;,&quot;size&quot;:4,&quot;sizes&quot;:[]},&quot;_transform_translateX_effect&quot;:{&quot;unit&quot;:&quot;px&quot;,&quot;size&quot;:&quot;&quot;,&quot;sizes&quot;:[]},&quot;_transform_translateX_effect_tablet&quot;:{&quot;unit&quot;:&quot;px&quot;,&quot;size&quot;:&quot;&quot;,&quot;sizes&quot;:[]},&quot;_transform_translateX_effect_mobile&quot;:{&quot;unit&quot;:&quot;px&quot;,&quot;size&quot;:&quot;&quot;,&quot;sizes&quot;:[]},&quot;_transform_translateY_effect&quot;:{&quot;unit&quot;:&quot;px&quot;,&quot;size&quot;:&quot;&quot;,&quot;sizes&quot;:[]},&quot;_transform_translateY_effect_tablet&quot;:{&quot;unit&quot;:&quot;px&quot;,&quot;size&quot;:&quot;&quot;,&quot;sizes&quot;:[]},&quot;_transform_translateY_effect_mobile&quot;:{&quot;unit&quot;:&quot;px&quot;,&quot;size&quot;:&quot;&quot;,&quot;sizes&quot;:[]},&quot;_transform_translateX_effect_hover_tablet&quot;:{&quot;unit&quot;:&quot;px&quot;,&quot;size&quot;:&quot;&quot;,&quot;sizes&quot;:[]},&quot;_transform_translateX_effect_hover_mobile&quot;:{&quot;unit&quot;:&quot;px&quot;,&quot;size&quot;:&quot;&quot;,&quot;sizes&quot;:[]},&quot;_transform_translateY_effect_hover&quot;:{&quot;unit&quot;:&quot;px&quot;,&quot;size&quot;:&quot;&quot;,&quot;sizes&quot;:[]},&quot;_transform_translateY_effect_hover_tablet&quot;:{&quot;unit&quot;:&quot;px&quot;,&quot;size&quot;:&quot;&quot;,&quot;sizes&quot;:[]},&quot;_transform_translateY_effect_hover_mobile&quot;:{&quot;unit&quot;:&quot;px&quot;,&quot;size&quot;:&quot;&quot;,&quot;sizes&quot;:[]}}\" data-widget_type=\"button.default\">\n\t\t\t\t\t\t\t\t\t\t<a class=\"elementor-button elementor-button-link elementor-size-sm\" href=\"https:\/\/biosferaordino.ad\/\" target=\"_blank\">\n\t\t\t\t\t\t<span class=\"elementor-button-content-wrapper\">\n\t\t\t\t\t\t<span class=\"elementor-button-icon\">\n\t\t\t\t<svg xmlns=\"http:\/\/www.w3.org\/2000\/svg\" width=\"36\" height=\"7\" viewBox=\"0 0 36 7\" fill=\"none\"><path d=\"M0 3.39258H32.948\" stroke=\"#EFEBE5\" stroke-width=\"2\"><\/path><path d=\"M28.9688 6.78125L32.3617 3.39025L28.9688 0.000249863H31.8477L35.2387 3.39025L31.8477 6.78125H28.9688Z\" fill=\"#EFEBE5\"><\/path><\/svg>\t\t\t<\/span>\n\t\t\t\t\t\t\t\t\t<span class=\"elementor-button-text\">Biosfera Ordino <\/span>\n\t\t\t\t\t<\/span>\n\t\t\t\t\t<\/a>\n\t\t\t\t\t\t\t\t<\/div>\n\t\t\t\t\t<\/div>\n\t\t\t\t<\/div>\n\t\t\t\t<\/div>\n\t\t","protected":false},"excerpt":{"rendered":"<p>Bienvenue \u00e0 Ordino Le village qui a conquis la famille Coma en 1932 et qui vous attend aujourd&rsquo;hui avec la m\u00eame authenticit\u00e9. Nature, culture et montagnes pr\u00e9serv\u00e9es au c\u0153ur d&rsquo;Andorre. L&rsquo;EMPLACEMENT ID\u00c9AL \u00c0 mi-chemin entrela neige et le shopping ALTITUDE 0 m SUR LES VOIES 0 &lsquo; DU CENTRE D&rsquo;ANDORRE 0 &lsquo; UNESCO R\u00c9SERVE DE [&hellip;]<\/p>\n","protected":false},"author":1,"featured_media":0,"parent":0,"menu_order":0,"comment_status":"closed","ping_status":"closed","template":"elementor_header_footer","meta":{"footnotes":""},"class_list":["post-7321","page","type-page","status-publish","hentry"],"yoast_head":"<!-- This site is optimized with the Yoast SEO plugin v27.2 - https:\/\/yoast.com\/product\/yoast-seo-wordpress\/ -->\n<title>Ordino - Hotel Coma<\/title>\n<meta name=\"robots\" content=\"noindex, follow, max-snippet:-1, max-image-preview:large, max-video-preview:-1\" \/>\n<meta property=\"og:locale\" content=\"fr_FR\" \/>\n<meta property=\"og:type\" content=\"article\" \/>\n<meta property=\"og:title\" content=\"Ordino - Hotel Coma\" \/>\n<meta property=\"og:description\" content=\"Bienvenue \u00e0 Ordino Le village qui a conquis la famille Coma en 1932 et qui vous attend aujourd&rsquo;hui avec la m\u00eame authenticit\u00e9. Nature, culture et montagnes pr\u00e9serv\u00e9es au c\u0153ur d&rsquo;Andorre. L&rsquo;EMPLACEMENT ID\u00c9AL \u00c0 mi-chemin entrela neige et le shopping ALTITUDE 0 m SUR LES VOIES 0 &lsquo; DU CENTRE D&rsquo;ANDORRE 0 &lsquo; UNESCO R\u00c9SERVE DE [&hellip;]\" \/>\n<meta property=\"og:url\" content=\"https:\/\/hotelcoma.audiologygrowth.com\/fr\/ordino\/\" \/>\n<meta property=\"og:site_name\" content=\"Hotel Coma\" \/>\n<meta property=\"article:modified_time\" content=\"2026-04-17T00:52:41+00:00\" \/>\n<meta name=\"twitter:card\" content=\"summary_large_image\" \/>\n<meta name=\"twitter:label1\" content=\"Dur\u00e9e de lecture estim\u00e9e\" \/>\n\t<meta name=\"twitter:data1\" content=\"4 minutes\" \/>\n<script type=\"application\/ld+json\" class=\"yoast-schema-graph\">{\"@context\":\"https:\/\/schema.org\",\"@graph\":[{\"@type\":\"WebPage\",\"@id\":\"https:\/\/hotelcoma.audiologygrowth.com\/fr\/ordino\/\",\"url\":\"https:\/\/hotelcoma.audiologygrowth.com\/fr\/ordino\/\",\"name\":\"Ordino - Hotel Coma\",\"isPartOf\":{\"@id\":\"https:\/\/hotelcoma.audiologygrowth.com\/#website\"},\"datePublished\":\"2026-03-17T16:25:15+00:00\",\"dateModified\":\"2026-04-17T00:52:41+00:00\",\"breadcrumb\":{\"@id\":\"https:\/\/hotelcoma.audiologygrowth.com\/fr\/ordino\/#breadcrumb\"},\"inLanguage\":\"fr-FR\",\"potentialAction\":[{\"@type\":\"ReadAction\",\"target\":[\"https:\/\/hotelcoma.audiologygrowth.com\/fr\/ordino\/\"]}]},{\"@type\":\"BreadcrumbList\",\"@id\":\"https:\/\/hotelcoma.audiologygrowth.com\/fr\/ordino\/#breadcrumb\",\"itemListElement\":[{\"@type\":\"ListItem\",\"position\":1,\"name\":\"Inicio\",\"item\":\"https:\/\/hotelcoma.audiologygrowth.com\/\"},{\"@type\":\"ListItem\",\"position\":2,\"name\":\"Ordino\"}]},{\"@type\":\"WebSite\",\"@id\":\"https:\/\/hotelcoma.audiologygrowth.com\/#website\",\"url\":\"https:\/\/hotelcoma.audiologygrowth.com\/\",\"name\":\"Hotel Coma\",\"description\":\"\",\"publisher\":{\"@id\":\"https:\/\/hotelcoma.audiologygrowth.com\/#organization\"},\"potentialAction\":[{\"@type\":\"SearchAction\",\"target\":{\"@type\":\"EntryPoint\",\"urlTemplate\":\"https:\/\/hotelcoma.audiologygrowth.com\/?s={search_term_string}\"},\"query-input\":{\"@type\":\"PropertyValueSpecification\",\"valueRequired\":true,\"valueName\":\"search_term_string\"}}],\"inLanguage\":\"fr-FR\"},{\"@type\":\"Organization\",\"@id\":\"https:\/\/hotelcoma.audiologygrowth.com\/#organization\",\"name\":\"Hotel Coma\",\"url\":\"https:\/\/hotelcoma.audiologygrowth.com\/\",\"logo\":{\"@type\":\"ImageObject\",\"inLanguage\":\"fr-FR\",\"@id\":\"https:\/\/hotelcoma.audiologygrowth.com\/#\/schema\/logo\/image\/\",\"url\":\"https:\/\/hotelcoma.audiologygrowth.com\/wp-content\/uploads\/2025\/11\/Group-22.svg\",\"contentUrl\":\"https:\/\/hotelcoma.audiologygrowth.com\/wp-content\/uploads\/2025\/11\/Group-22.svg\",\"width\":229,\"height\":79,\"caption\":\"Hotel Coma\"},\"image\":{\"@id\":\"https:\/\/hotelcoma.audiologygrowth.com\/#\/schema\/logo\/image\/\"}}]}<\/script>\n<!-- \/ Yoast SEO plugin. -->","yoast_head_json":{"title":"Ordino - Hotel Coma","robots":{"index":"noindex","follow":"follow","max-snippet":"max-snippet:-1","max-image-preview":"max-image-preview:large","max-video-preview":"max-video-preview:-1"},"og_locale":"fr_FR","og_type":"article","og_title":"Ordino - Hotel Coma","og_description":"Bienvenue \u00e0 Ordino Le village qui a conquis la famille Coma en 1932 et qui vous attend aujourd&rsquo;hui avec la m\u00eame authenticit\u00e9. Nature, culture et montagnes pr\u00e9serv\u00e9es au c\u0153ur d&rsquo;Andorre. L&rsquo;EMPLACEMENT ID\u00c9AL \u00c0 mi-chemin entrela neige et le shopping ALTITUDE 0 m SUR LES VOIES 0 &lsquo; DU CENTRE D&rsquo;ANDORRE 0 &lsquo; UNESCO R\u00c9SERVE DE [&hellip;]","og_url":"https:\/\/hotelcoma.audiologygrowth.com\/fr\/ordino\/","og_site_name":"Hotel Coma","article_modified_time":"2026-04-17T00:52:41+00:00","twitter_card":"summary_large_image","twitter_misc":{"Dur\u00e9e de lecture estim\u00e9e":"4 minutes"},"schema":{"@context":"https:\/\/schema.org","@graph":[{"@type":"WebPage","@id":"https:\/\/hotelcoma.audiologygrowth.com\/fr\/ordino\/","url":"https:\/\/hotelcoma.audiologygrowth.com\/fr\/ordino\/","name":"Ordino - Hotel Coma","isPartOf":{"@id":"https:\/\/hotelcoma.audiologygrowth.com\/#website"},"datePublished":"2026-03-17T16:25:15+00:00","dateModified":"2026-04-17T00:52:41+00:00","breadcrumb":{"@id":"https:\/\/hotelcoma.audiologygrowth.com\/fr\/ordino\/#breadcrumb"},"inLanguage":"fr-FR","potentialAction":[{"@type":"ReadAction","target":["https:\/\/hotelcoma.audiologygrowth.com\/fr\/ordino\/"]}]},{"@type":"BreadcrumbList","@id":"https:\/\/hotelcoma.audiologygrowth.com\/fr\/ordino\/#breadcrumb","itemListElement":[{"@type":"ListItem","position":1,"name":"Inicio","item":"https:\/\/hotelcoma.audiologygrowth.com\/"},{"@type":"ListItem","position":2,"name":"Ordino"}]},{"@type":"WebSite","@id":"https:\/\/hotelcoma.audiologygrowth.com\/#website","url":"https:\/\/hotelcoma.audiologygrowth.com\/","name":"Hotel Coma","description":"","publisher":{"@id":"https:\/\/hotelcoma.audiologygrowth.com\/#organization"},"potentialAction":[{"@type":"SearchAction","target":{"@type":"EntryPoint","urlTemplate":"https:\/\/hotelcoma.audiologygrowth.com\/?s={search_term_string}"},"query-input":{"@type":"PropertyValueSpecification","valueRequired":true,"valueName":"search_term_string"}}],"inLanguage":"fr-FR"},{"@type":"Organization","@id":"https:\/\/hotelcoma.audiologygrowth.com\/#organization","name":"Hotel Coma","url":"https:\/\/hotelcoma.audiologygrowth.com\/","logo":{"@type":"ImageObject","inLanguage":"fr-FR","@id":"https:\/\/hotelcoma.audiologygrowth.com\/#\/schema\/logo\/image\/","url":"https:\/\/hotelcoma.audiologygrowth.com\/wp-content\/uploads\/2025\/11\/Group-22.svg","contentUrl":"https:\/\/hotelcoma.audiologygrowth.com\/wp-content\/uploads\/2025\/11\/Group-22.svg","width":229,"height":79,"caption":"Hotel Coma"},"image":{"@id":"https:\/\/hotelcoma.audiologygrowth.com\/#\/schema\/logo\/image\/"}}]}},"_links":{"self":[{"href":"https:\/\/hotelcoma.audiologygrowth.com\/fr\/wp-json\/wp\/v2\/pages\/7321","targetHints":{"allow":["GET"]}}],"collection":[{"href":"https:\/\/hotelcoma.audiologygrowth.com\/fr\/wp-json\/wp\/v2\/pages"}],"about":[{"href":"https:\/\/hotelcoma.audiologygrowth.com\/fr\/wp-json\/wp\/v2\/types\/page"}],"author":[{"embeddable":true,"href":"https:\/\/hotelcoma.audiologygrowth.com\/fr\/wp-json\/wp\/v2\/users\/1"}],"replies":[{"embeddable":true,"href":"https:\/\/hotelcoma.audiologygrowth.com\/fr\/wp-json\/wp\/v2\/comments?post=7321"}],"version-history":[{"count":2,"href":"https:\/\/hotelcoma.audiologygrowth.com\/fr\/wp-json\/wp\/v2\/pages\/7321\/revisions"}],"predecessor-version":[{"id":7365,"href":"https:\/\/hotelcoma.audiologygrowth.com\/fr\/wp-json\/wp\/v2\/pages\/7321\/revisions\/7365"}],"wp:attachment":[{"href":"https:\/\/hotelcoma.audiologygrowth.com\/fr\/wp-json\/wp\/v2\/media?parent=7321"}],"curies":[{"name":"wp","href":"https:\/\/api.w.org\/{rel}","templated":true}]}}